{"id":4827,"date":"2023-12-13T10:59:27","date_gmt":"2023-12-13T15:59:27","guid":{"rendered":"https:\/\/misqa.com\/?post_type=professeurs&#038;p=4827"},"modified":"2023-12-13T11:34:28","modified_gmt":"2023-12-13T16:34:28","slug":"ori-kam","status":"publish","type":"professeurs","link":"https:\/\/misqa.com\/fr\/professeurs\/ori-kam\/","title":{"rendered":"Ori Kam"},"content":{"rendered":"<p>Kam a commenc\u00e9 son \u00e9ducation musicale \u00e0 l&rsquo;\u00e2ge de six ans. Il a \u00e9tudi\u00e9 avec le c\u00e9l\u00e8bre p\u00e9dagogue Chaim Taub, puis avec Pinchas Zukerman et Patinka Kopec \u00e0 la Manhattan School of Music de New York. Plus tard, il a termin\u00e9 ses \u00e9tudes avec Wilfried Strehle \u00e0 l&rsquo;Universit\u00e9 des arts de Berlin.<\/p>\n<p>Kam a remport\u00e9 plusieurs prix et r\u00e9compenses, notamment le prix suisse au concours international de musique de Gen\u00e8ve, le prix \u00ab\u00a0Pagannini\u00a0\u00bb au concours international Lionel Tertis et, en 1995, le concours de concerto de la Manhattan School of Music.<\/p>\n","protected":false},"featured_media":4832,"parent":0,"template":"","annee":[127],"class_list":["post-4827","professeurs","type-professeurs","status-publish","has-post-thumbnail","hentry","annee-2024-fr"],"acf":[],"yoast_head":"<!-- This site is optimized with the Yoast SEO plugin v27.5 - https:\/\/yoast.com\/product\/yoast-seo-wordpress\/ -->\n<title>Ori Kam - MISQA - McGill International String Quartet Academy<\/title>\n<meta name=\"robots\" content=\"index, follow, max-snippet:-1, max-image-preview:large, max-video-preview:-1\" \/>\n<link rel=\"canonical\" href=\"https:\/\/misqa.com\/fr\/professeurs\/ori-kam\/\" \/>\n<meta property=\"og:locale\" content=\"fr_FR\" \/>\n<meta property=\"og:type\" content=\"article\" \/>\n<meta property=\"og:title\" content=\"Ori Kam - MISQA - McGill International String Quartet Academy\" \/>\n<meta property=\"og:description\" content=\"Kam a commenc\u00e9 son \u00e9ducation musicale \u00e0 l&rsquo;\u00e2ge de six ans. Il a \u00e9tudi\u00e9 avec le c\u00e9l\u00e8bre p\u00e9dagogue Chaim Taub, [&hellip;]\" \/>\n<meta property=\"og:url\" content=\"https:\/\/misqa.com\/fr\/professeurs\/ori-kam\/\" \/>\n<meta property=\"og:site_name\" content=\"MISQA - McGill International String Quartet Academy\" \/>\n<meta property=\"article:modified_time\" content=\"2023-12-13T16:34:28+00:00\" \/>\n<meta property=\"og:image\" content=\"https:\/\/misqa.com\/wp-content\/uploads\/2023\/12\/Ori-Kam.jpg\" \/>\n\t<meta property=\"og:image:width\" content=\"600\" \/>\n\t<meta property=\"og:image:height\" content=\"893\" \/>\n\t<meta property=\"og:image:type\" content=\"image\/jpeg\" \/>\n<meta name=\"twitter:card\" content=\"summary_large_image\" \/>\n<meta name=\"twitter:label1\" content=\"Dur\u00e9e de lecture estim\u00e9e\" \/>\n\t<meta name=\"twitter:data1\" content=\"1 minute\" \/>\n<script type=\"application\/ld+json\" class=\"yoast-schema-graph\">{\"@context\":\"https:\\\/\\\/schema.org\",\"@graph\":[{\"@type\":\"WebPage\",\"@id\":\"https:\\\/\\\/misqa.com\\\/fr\\\/professeurs\\\/ori-kam\\\/\",\"url\":\"https:\\\/\\\/misqa.com\\\/fr\\\/professeurs\\\/ori-kam\\\/\",\"name\":\"Ori Kam - MISQA - McGill International String Quartet Academy\",\"isPartOf\":{\"@id\":\"https:\\\/\\\/misqa.com\\\/#website\"},\"primaryImageOfPage\":{\"@id\":\"https:\\\/\\\/misqa.com\\\/fr\\\/professeurs\\\/ori-kam\\\/#primaryimage\"},\"image\":{\"@id\":\"https:\\\/\\\/misqa.com\\\/fr\\\/professeurs\\\/ori-kam\\\/#primaryimage\"},\"thumbnailUrl\":\"https:\\\/\\\/misqa.com\\\/wp-content\\\/uploads\\\/2023\\\/12\\\/Ori-Kam.jpg\",\"datePublished\":\"2023-12-13T15:59:27+00:00\",\"dateModified\":\"2023-12-13T16:34:28+00:00\",\"breadcrumb\":{\"@id\":\"https:\\\/\\\/misqa.com\\\/fr\\\/professeurs\\\/ori-kam\\\/#breadcrumb\"},\"inLanguage\":\"fr-FR\",\"potentialAction\":[{\"@type\":\"ReadAction\",\"target\":[\"https:\\\/\\\/misqa.com\\\/fr\\\/professeurs\\\/ori-kam\\\/\"]}]},{\"@type\":\"ImageObject\",\"inLanguage\":\"fr-FR\",\"@id\":\"https:\\\/\\\/misqa.com\\\/fr\\\/professeurs\\\/ori-kam\\\/#primaryimage\",\"url\":\"https:\\\/\\\/misqa.com\\\/wp-content\\\/uploads\\\/2023\\\/12\\\/Ori-Kam.jpg\",\"contentUrl\":\"https:\\\/\\\/misqa.com\\\/wp-content\\\/uploads\\\/2023\\\/12\\\/Ori-Kam.jpg\",\"width\":600,\"height\":893},{\"@type\":\"BreadcrumbList\",\"@id\":\"https:\\\/\\\/misqa.com\\\/fr\\\/professeurs\\\/ori-kam\\\/#breadcrumb\",\"itemListElement\":[{\"@type\":\"ListItem\",\"position\":1,\"name\":\"Home\",\"item\":\"https:\\\/\\\/misqa.com\\\/\"},{\"@type\":\"ListItem\",\"position\":2,\"name\":\"Ori Kam\"}]},{\"@type\":\"WebSite\",\"@id\":\"https:\\\/\\\/misqa.com\\\/#website\",\"url\":\"https:\\\/\\\/misqa.com\\\/\",\"name\":\"MISQA - McGill International String Quartet Academy\",\"description\":\"Acad\u00e9mie de quatuors \u00e0 cordes au Canada\",\"publisher\":{\"@id\":\"https:\\\/\\\/misqa.com\\\/#organization\"},\"potentialAction\":[{\"@type\":\"SearchAction\",\"target\":{\"@type\":\"EntryPoint\",\"urlTemplate\":\"https:\\\/\\\/misqa.com\\\/?s={search_term_string}\"},\"query-input\":{\"@type\":\"PropertyValueSpecification\",\"valueRequired\":true,\"valueName\":\"search_term_string\"}}],\"inLanguage\":\"fr-FR\"},{\"@type\":\"Organization\",\"@id\":\"https:\\\/\\\/misqa.com\\\/#organization\",\"name\":\"MISQA - McGill International String Quartet Academy\",\"url\":\"https:\\\/\\\/misqa.com\\\/\",\"logo\":{\"@type\":\"ImageObject\",\"inLanguage\":\"fr-FR\",\"@id\":\"https:\\\/\\\/misqa.com\\\/#\\\/schema\\\/logo\\\/image\\\/\",\"url\":\"https:\\\/\\\/misqa.com\\\/wp-content\\\/uploads\\\/2022\\\/04\\\/misqa_logo_15.svg\",\"contentUrl\":\"https:\\\/\\\/misqa.com\\\/wp-content\\\/uploads\\\/2022\\\/04\\\/misqa_logo_15.svg\",\"caption\":\"MISQA - McGill International String Quartet Academy\"},\"image\":{\"@id\":\"https:\\\/\\\/misqa.com\\\/#\\\/schema\\\/logo\\\/image\\\/\"}}]}<\/script>\n<!-- \/ Yoast SEO plugin. -->","yoast_head_json":{"title":"Ori Kam - MISQA - McGill International String Quartet Academy","robots":{"index":"index","follow":"follow","max-snippet":"max-snippet:-1","max-image-preview":"max-image-preview:large","max-video-preview":"max-video-preview:-1"},"canonical":"https:\/\/misqa.com\/fr\/professeurs\/ori-kam\/","og_locale":"fr_FR","og_type":"article","og_title":"Ori Kam - MISQA - McGill International String Quartet Academy","og_description":"Kam a commenc\u00e9 son \u00e9ducation musicale \u00e0 l&rsquo;\u00e2ge de six ans. Il a \u00e9tudi\u00e9 avec le c\u00e9l\u00e8bre p\u00e9dagogue Chaim Taub, [&hellip;]","og_url":"https:\/\/misqa.com\/fr\/professeurs\/ori-kam\/","og_site_name":"MISQA - McGill International String Quartet Academy","article_modified_time":"2023-12-13T16:34:28+00:00","og_image":[{"width":600,"height":893,"url":"https:\/\/misqa.com\/wp-content\/uploads\/2023\/12\/Ori-Kam.jpg","type":"image\/jpeg"}],"twitter_card":"summary_large_image","twitter_misc":{"Dur\u00e9e de lecture estim\u00e9e":"1 minute"},"schema":{"@context":"https:\/\/schema.org","@graph":[{"@type":"WebPage","@id":"https:\/\/misqa.com\/fr\/professeurs\/ori-kam\/","url":"https:\/\/misqa.com\/fr\/professeurs\/ori-kam\/","name":"Ori Kam - MISQA - McGill International String Quartet Academy","isPartOf":{"@id":"https:\/\/misqa.com\/#website"},"primaryImageOfPage":{"@id":"https:\/\/misqa.com\/fr\/professeurs\/ori-kam\/#primaryimage"},"image":{"@id":"https:\/\/misqa.com\/fr\/professeurs\/ori-kam\/#primaryimage"},"thumbnailUrl":"https:\/\/misqa.com\/wp-content\/uploads\/2023\/12\/Ori-Kam.jpg","datePublished":"2023-12-13T15:59:27+00:00","dateModified":"2023-12-13T16:34:28+00:00","breadcrumb":{"@id":"https:\/\/misqa.com\/fr\/professeurs\/ori-kam\/#breadcrumb"},"inLanguage":"fr-FR","potentialAction":[{"@type":"ReadAction","target":["https:\/\/misqa.com\/fr\/professeurs\/ori-kam\/"]}]},{"@type":"ImageObject","inLanguage":"fr-FR","@id":"https:\/\/misqa.com\/fr\/professeurs\/ori-kam\/#primaryimage","url":"https:\/\/misqa.com\/wp-content\/uploads\/2023\/12\/Ori-Kam.jpg","contentUrl":"https:\/\/misqa.com\/wp-content\/uploads\/2023\/12\/Ori-Kam.jpg","width":600,"height":893},{"@type":"BreadcrumbList","@id":"https:\/\/misqa.com\/fr\/professeurs\/ori-kam\/#breadcrumb","itemListElement":[{"@type":"ListItem","position":1,"name":"Home","item":"https:\/\/misqa.com\/"},{"@type":"ListItem","position":2,"name":"Ori Kam"}]},{"@type":"WebSite","@id":"https:\/\/misqa.com\/#website","url":"https:\/\/misqa.com\/","name":"MISQA - McGill International String Quartet Academy","description":"Acad\u00e9mie de quatuors \u00e0 cordes au Canada","publisher":{"@id":"https:\/\/misqa.com\/#organization"},"potentialAction":[{"@type":"SearchAction","target":{"@type":"EntryPoint","urlTemplate":"https:\/\/misqa.com\/?s={search_term_string}"},"query-input":{"@type":"PropertyValueSpecification","valueRequired":true,"valueName":"search_term_string"}}],"inLanguage":"fr-FR"},{"@type":"Organization","@id":"https:\/\/misqa.com\/#organization","name":"MISQA - McGill International String Quartet Academy","url":"https:\/\/misqa.com\/","logo":{"@type":"ImageObject","inLanguage":"fr-FR","@id":"https:\/\/misqa.com\/#\/schema\/logo\/image\/","url":"https:\/\/misqa.com\/wp-content\/uploads\/2022\/04\/misqa_logo_15.svg","contentUrl":"https:\/\/misqa.com\/wp-content\/uploads\/2022\/04\/misqa_logo_15.svg","caption":"MISQA - McGill International String Quartet Academy"},"image":{"@id":"https:\/\/misqa.com\/#\/schema\/logo\/image\/"}}]}},"_links":{"self":[{"href":"https:\/\/misqa.com\/fr\/wp-json\/wp\/v2\/professeurs\/4827","targetHints":{"allow":["GET"]}}],"collection":[{"href":"https:\/\/misqa.com\/fr\/wp-json\/wp\/v2\/professeurs"}],"about":[{"href":"https:\/\/misqa.com\/fr\/wp-json\/wp\/v2\/types\/professeurs"}],"wp:featuredmedia":[{"embeddable":true,"href":"https:\/\/misqa.com\/fr\/wp-json\/wp\/v2\/media\/4832"}],"wp:attachment":[{"href":"https:\/\/misqa.com\/fr\/wp-json\/wp\/v2\/media?parent=4827"}],"wp:term":[{"taxonomy":"annee","embeddable":true,"href":"https:\/\/misqa.com\/fr\/wp-json\/wp\/v2\/annee?post=4827"}],"curies":[{"name":"wp","href":"https:\/\/api.w.org\/{rel}","templated":true}]}}