{"id":1326,"date":"2022-02-28T15:56:17","date_gmt":"2022-02-28T14:56:17","guid":{"rendered":"https:\/\/misqa.com\/quatuors\/van-kuijk\/"},"modified":"2022-02-28T15:56:17","modified_gmt":"2022-02-28T14:56:17","slug":"van-kuijk","status":"publish","type":"quatuors","link":"https:\/\/misqa.com\/fr\/quatuors\/van-kuijk\/","title":{"rendered":"Van Kuijk"},"content":{"rendered":"<p>Gagnant du 1er Prix ainsi que des prix sp\u00e9ciaux Haydn et Beethoven du Concours International de Quatuor \u00e0 Cordes du Wigmore Hall de Londres de 2015, le Quatuor Van Kuijk se voit \u00e9galement d\u00e9cern\u00e9 le tout premier Prix MISQA de cette comp\u00e9tition.<br \/>\nCes r\u00e9compenses viennent s\u2019ajouter au 1er prix re\u00e7u au concours de Trondheim en 2013. Apr\u00e8s ses \u00e9tudes avec le quatuor Ysa\u00ffe, le Van Kuijk \u00e9tudie \u00e0 l\u2019\u00c9cole Sup\u00e9rieure de Musique de la Reine Sophie \u00e0 Madrid sous la tutelle de G\u00fcnter Pichler.<br \/>\nD\u00e9j\u00e0 pr\u00e9sent sur les grandes sc\u00e8nes internationales, le quatuor a \u00e9galement travaill\u00e9 avec Gerhard Schulz, Michael Tree, Andr\u00e9 Roy, Heime M\u00fcller ainsi qu\u2019avecles membres du Quatuor Vogler.<\/p>\n","protected":false},"featured_media":997,"template":"","annee":[12],"experience":[51],"class_list":["post-1326","quatuors","type-quatuors","status-publish","has-post-thumbnail","hentry","annee-12","experience-senior-fr"],"acf":[],"yoast_head":"<!-- This site is optimized with the Yoast SEO plugin v27.5 - https:\/\/yoast.com\/product\/yoast-seo-wordpress\/ -->\n<title>Van Kuijk - MISQA - McGill International String Quartet Academy<\/title>\n<meta name=\"robots\" content=\"index, follow, max-snippet:-1, max-image-preview:large, max-video-preview:-1\" \/>\n<link rel=\"canonical\" href=\"https:\/\/misqa.com\/fr\/quatuors\/van-kuijk\/\" \/>\n<meta property=\"og:locale\" content=\"fr_FR\" \/>\n<meta property=\"og:type\" content=\"article\" \/>\n<meta property=\"og:title\" content=\"Van Kuijk - MISQA - McGill International String Quartet Academy\" \/>\n<meta property=\"og:description\" content=\"Gagnant du 1er Prix ainsi que des prix sp\u00e9ciaux Haydn et Beethoven du Concours International de Quatuor \u00e0 Cordes du [&hellip;]\" \/>\n<meta property=\"og:url\" content=\"https:\/\/misqa.com\/fr\/quatuors\/van-kuijk\/\" \/>\n<meta property=\"og:site_name\" content=\"MISQA - McGill International String Quartet Academy\" \/>\n<meta property=\"og:image\" content=\"https:\/\/misqa.com\/wp-content\/uploads\/2022\/02\/Van-Kuijk_String_Quartet_0.jpg\" \/>\n\t<meta property=\"og:image:width\" content=\"247\" \/>\n\t<meta property=\"og:image:height\" content=\"110\" \/>\n\t<meta property=\"og:image:type\" content=\"image\/jpeg\" \/>\n<meta name=\"twitter:card\" content=\"summary_large_image\" \/>\n<meta name=\"twitter:label1\" content=\"Dur\u00e9e de lecture estim\u00e9e\" \/>\n\t<meta name=\"twitter:data1\" content=\"1 minute\" \/>\n<script type=\"application\/ld+json\" class=\"yoast-schema-graph\">{\"@context\":\"https:\\\/\\\/schema.org\",\"@graph\":[{\"@type\":\"WebPage\",\"@id\":\"https:\\\/\\\/misqa.com\\\/fr\\\/quatuors\\\/van-kuijk\\\/\",\"url\":\"https:\\\/\\\/misqa.com\\\/fr\\\/quatuors\\\/van-kuijk\\\/\",\"name\":\"Van Kuijk - MISQA - McGill International String Quartet Academy\",\"isPartOf\":{\"@id\":\"https:\\\/\\\/misqa.com\\\/#website\"},\"primaryImageOfPage\":{\"@id\":\"https:\\\/\\\/misqa.com\\\/fr\\\/quatuors\\\/van-kuijk\\\/#primaryimage\"},\"image\":{\"@id\":\"https:\\\/\\\/misqa.com\\\/fr\\\/quatuors\\\/van-kuijk\\\/#primaryimage\"},\"thumbnailUrl\":\"https:\\\/\\\/misqa.com\\\/wp-content\\\/uploads\\\/2022\\\/02\\\/Van-Kuijk_String_Quartet_0.jpg\",\"datePublished\":\"2022-02-28T14:56:17+00:00\",\"breadcrumb\":{\"@id\":\"https:\\\/\\\/misqa.com\\\/fr\\\/quatuors\\\/van-kuijk\\\/#breadcrumb\"},\"inLanguage\":\"fr-FR\",\"potentialAction\":[{\"@type\":\"ReadAction\",\"target\":[\"https:\\\/\\\/misqa.com\\\/fr\\\/quatuors\\\/van-kuijk\\\/\"]}]},{\"@type\":\"ImageObject\",\"inLanguage\":\"fr-FR\",\"@id\":\"https:\\\/\\\/misqa.com\\\/fr\\\/quatuors\\\/van-kuijk\\\/#primaryimage\",\"url\":\"https:\\\/\\\/misqa.com\\\/wp-content\\\/uploads\\\/2022\\\/02\\\/Van-Kuijk_String_Quartet_0.jpg\",\"contentUrl\":\"https:\\\/\\\/misqa.com\\\/wp-content\\\/uploads\\\/2022\\\/02\\\/Van-Kuijk_String_Quartet_0.jpg\",\"width\":247,\"height\":110},{\"@type\":\"BreadcrumbList\",\"@id\":\"https:\\\/\\\/misqa.com\\\/fr\\\/quatuors\\\/van-kuijk\\\/#breadcrumb\",\"itemListElement\":[{\"@type\":\"ListItem\",\"position\":1,\"name\":\"Home\",\"item\":\"https:\\\/\\\/misqa.com\\\/\"},{\"@type\":\"ListItem\",\"position\":2,\"name\":\"Van Kuijk\"}]},{\"@type\":\"WebSite\",\"@id\":\"https:\\\/\\\/misqa.com\\\/#website\",\"url\":\"https:\\\/\\\/misqa.com\\\/\",\"name\":\"MISQA - McGill International String Quartet Academy\",\"description\":\"Acad\u00e9mie de quatuors \u00e0 cordes au Canada\",\"publisher\":{\"@id\":\"https:\\\/\\\/misqa.com\\\/#organization\"},\"potentialAction\":[{\"@type\":\"SearchAction\",\"target\":{\"@type\":\"EntryPoint\",\"urlTemplate\":\"https:\\\/\\\/misqa.com\\\/?s={search_term_string}\"},\"query-input\":{\"@type\":\"PropertyValueSpecification\",\"valueRequired\":true,\"valueName\":\"search_term_string\"}}],\"inLanguage\":\"fr-FR\"},{\"@type\":\"Organization\",\"@id\":\"https:\\\/\\\/misqa.com\\\/#organization\",\"name\":\"MISQA - McGill International String Quartet Academy\",\"url\":\"https:\\\/\\\/misqa.com\\\/\",\"logo\":{\"@type\":\"ImageObject\",\"inLanguage\":\"fr-FR\",\"@id\":\"https:\\\/\\\/misqa.com\\\/#\\\/schema\\\/logo\\\/image\\\/\",\"url\":\"https:\\\/\\\/misqa.com\\\/wp-content\\\/uploads\\\/2022\\\/04\\\/misqa_logo_15.svg\",\"contentUrl\":\"https:\\\/\\\/misqa.com\\\/wp-content\\\/uploads\\\/2022\\\/04\\\/misqa_logo_15.svg\",\"caption\":\"MISQA - McGill International String Quartet Academy\"},\"image\":{\"@id\":\"https:\\\/\\\/misqa.com\\\/#\\\/schema\\\/logo\\\/image\\\/\"}}]}<\/script>\n<!-- \/ Yoast SEO plugin. -->","yoast_head_json":{"title":"Van Kuijk - MISQA - McGill International String Quartet Academy","robots":{"index":"index","follow":"follow","max-snippet":"max-snippet:-1","max-image-preview":"max-image-preview:large","max-video-preview":"max-video-preview:-1"},"canonical":"https:\/\/misqa.com\/fr\/quatuors\/van-kuijk\/","og_locale":"fr_FR","og_type":"article","og_title":"Van Kuijk - MISQA - McGill International String Quartet Academy","og_description":"Gagnant du 1er Prix ainsi que des prix sp\u00e9ciaux Haydn et Beethoven du Concours International de Quatuor \u00e0 Cordes du [&hellip;]","og_url":"https:\/\/misqa.com\/fr\/quatuors\/van-kuijk\/","og_site_name":"MISQA - McGill International String Quartet Academy","og_image":[{"width":247,"height":110,"url":"https:\/\/misqa.com\/wp-content\/uploads\/2022\/02\/Van-Kuijk_String_Quartet_0.jpg","type":"image\/jpeg"}],"twitter_card":"summary_large_image","twitter_misc":{"Dur\u00e9e de lecture estim\u00e9e":"1 minute"},"schema":{"@context":"https:\/\/schema.org","@graph":[{"@type":"WebPage","@id":"https:\/\/misqa.com\/fr\/quatuors\/van-kuijk\/","url":"https:\/\/misqa.com\/fr\/quatuors\/van-kuijk\/","name":"Van Kuijk - MISQA - McGill International String Quartet Academy","isPartOf":{"@id":"https:\/\/misqa.com\/#website"},"primaryImageOfPage":{"@id":"https:\/\/misqa.com\/fr\/quatuors\/van-kuijk\/#primaryimage"},"image":{"@id":"https:\/\/misqa.com\/fr\/quatuors\/van-kuijk\/#primaryimage"},"thumbnailUrl":"https:\/\/misqa.com\/wp-content\/uploads\/2022\/02\/Van-Kuijk_String_Quartet_0.jpg","datePublished":"2022-02-28T14:56:17+00:00","breadcrumb":{"@id":"https:\/\/misqa.com\/fr\/quatuors\/van-kuijk\/#breadcrumb"},"inLanguage":"fr-FR","potentialAction":[{"@type":"ReadAction","target":["https:\/\/misqa.com\/fr\/quatuors\/van-kuijk\/"]}]},{"@type":"ImageObject","inLanguage":"fr-FR","@id":"https:\/\/misqa.com\/fr\/quatuors\/van-kuijk\/#primaryimage","url":"https:\/\/misqa.com\/wp-content\/uploads\/2022\/02\/Van-Kuijk_String_Quartet_0.jpg","contentUrl":"https:\/\/misqa.com\/wp-content\/uploads\/2022\/02\/Van-Kuijk_String_Quartet_0.jpg","width":247,"height":110},{"@type":"BreadcrumbList","@id":"https:\/\/misqa.com\/fr\/quatuors\/van-kuijk\/#breadcrumb","itemListElement":[{"@type":"ListItem","position":1,"name":"Home","item":"https:\/\/misqa.com\/"},{"@type":"ListItem","position":2,"name":"Van Kuijk"}]},{"@type":"WebSite","@id":"https:\/\/misqa.com\/#website","url":"https:\/\/misqa.com\/","name":"MISQA - McGill International String Quartet Academy","description":"Acad\u00e9mie de quatuors \u00e0 cordes au Canada","publisher":{"@id":"https:\/\/misqa.com\/#organization"},"potentialAction":[{"@type":"SearchAction","target":{"@type":"EntryPoint","urlTemplate":"https:\/\/misqa.com\/?s={search_term_string}"},"query-input":{"@type":"PropertyValueSpecification","valueRequired":true,"valueName":"search_term_string"}}],"inLanguage":"fr-FR"},{"@type":"Organization","@id":"https:\/\/misqa.com\/#organization","name":"MISQA - McGill International String Quartet Academy","url":"https:\/\/misqa.com\/","logo":{"@type":"ImageObject","inLanguage":"fr-FR","@id":"https:\/\/misqa.com\/#\/schema\/logo\/image\/","url":"https:\/\/misqa.com\/wp-content\/uploads\/2022\/04\/misqa_logo_15.svg","contentUrl":"https:\/\/misqa.com\/wp-content\/uploads\/2022\/04\/misqa_logo_15.svg","caption":"MISQA - McGill International String Quartet Academy"},"image":{"@id":"https:\/\/misqa.com\/#\/schema\/logo\/image\/"}}]}},"_links":{"self":[{"href":"https:\/\/misqa.com\/fr\/wp-json\/wp\/v2\/quatuors\/1326","targetHints":{"allow":["GET"]}}],"collection":[{"href":"https:\/\/misqa.com\/fr\/wp-json\/wp\/v2\/quatuors"}],"about":[{"href":"https:\/\/misqa.com\/fr\/wp-json\/wp\/v2\/types\/quatuors"}],"wp:featuredmedia":[{"embeddable":true,"href":"https:\/\/misqa.com\/fr\/wp-json\/wp\/v2\/media\/997"}],"wp:attachment":[{"href":"https:\/\/misqa.com\/fr\/wp-json\/wp\/v2\/media?parent=1326"}],"wp:term":[{"taxonomy":"annee","embeddable":true,"href":"https:\/\/misqa.com\/fr\/wp-json\/wp\/v2\/annee?post=1326"},{"taxonomy":"experience","embeddable":true,"href":"https:\/\/misqa.com\/fr\/wp-json\/wp\/v2\/experience?post=1326"}],"curies":[{"name":"wp","href":"https:\/\/api.w.org\/{rel}","templated":true}]}}