{"id":4646,"date":"2023-04-24T17:15:17","date_gmt":"2023-04-24T21:15:17","guid":{"rendered":"https:\/\/misqa.com\/?post_type=quatuors&#038;p=4646"},"modified":"2023-04-25T06:51:30","modified_gmt":"2023-04-25T10:51:30","slug":"arete","status":"publish","type":"quatuors","link":"https:\/\/misqa.com\/fr\/quatuors\/arete\/","title":{"rendered":"Arete"},"content":{"rendered":"<p>Fond\u00e9 en septembre 2019, le Quatuor Arete a remport\u00e9 \u00e0 l&rsquo;unanimit\u00e9 l&rsquo;audition du \u00ab\u00a0Kumho Art Hall Young Chamber Concert\u00a0\u00bb et a fait ses d\u00e9buts au Kumho Art Hall Yonsei en septembre de l&rsquo;ann\u00e9e suivante. La performance en direct a \u00e9t\u00e9 pr\u00e9sent\u00e9e en exclusivit\u00e9 \u00e0 \u00ab\u00a0Korea Broadcasting Corporation\u00a0\u00bb, le plus grand radiodiffuseur du pays.<\/p>\n<p>Le quatuor Arete a remport\u00e9 la premi\u00e8re place au 72e concours international de musique du Printemps de Prague en 2021, et a obtenu cinq autres prix sp\u00e9ciaux, dont le prix de la Fondation Bohuslav Martinu. Le quatuor a \u00e9galement remport\u00e9 deux prix sp\u00e9ciaux lors du 12e Concours International de Quatuor \u00e0 Cordes Premio Paolo Borciani, soit le prix de \u00a0\u00bb La meilleure prestation de la pi\u00e8ce impos\u00e9e\u00a0\u00bb et le \u00a0\u00bb Prix Jeunesses Musicales Deutschland\u00a0\u00bb.<\/p>\n<p>En 2023, le quatuor Arete a re\u00e7u le premier prix et le prix de la meilleure interpr\u00e9tation Mozart lors du 15e concours international Mozart qui s&rsquo;est tenu au Mozarteum de Salzbourg.<\/p>\n<p>Le quatuor a \u00e9t\u00e9 invit\u00e9 au Festival International de Musique du Printemps de Prague en 2022 et a \u00e9t\u00e9 invit\u00e9 \u00e0 divers festivals tels que le festival de musique du Schleswig-Holstein, le festival de musique de Trebonska et le festival de Ravenne.<\/p>\n<p>Le Quatuor Arete \u00e9tudie actuellement \u00e0 la \u00ab\u00a0Hochschule f\u00fcr Musik und Theater\u00a0\u00bb de Munich avec le professeur Christoph Poppen, Jaeyoung Kim, le professeur Eberhard Feltz et le Quatuor \u00c9b\u00e8ne.<\/p>\n","protected":false},"featured_media":4788,"template":"","annee":[115],"experience":[51],"class_list":["post-4646","quatuors","type-quatuors","status-publish","has-post-thumbnail","hentry","annee-115","experience-senior-fr"],"acf":[],"yoast_head":"<!-- This site is optimized with the Yoast SEO plugin v27.5 - https:\/\/yoast.com\/product\/yoast-seo-wordpress\/ -->\n<title>Arete - MISQA - McGill International String Quartet Academy<\/title>\n<meta name=\"robots\" content=\"index, follow, max-snippet:-1, max-image-preview:large, max-video-preview:-1\" \/>\n<link rel=\"canonical\" href=\"https:\/\/misqa.com\/fr\/quatuors\/arete\/\" \/>\n<meta property=\"og:locale\" content=\"fr_FR\" \/>\n<meta property=\"og:type\" content=\"article\" \/>\n<meta property=\"og:title\" content=\"Arete - MISQA - McGill International String Quartet Academy\" \/>\n<meta property=\"og:description\" content=\"Fond\u00e9 en septembre 2019, le Quatuor Arete a remport\u00e9 \u00e0 l&rsquo;unanimit\u00e9 l&rsquo;audition du \u00ab\u00a0Kumho Art Hall Young Chamber Concert\u00a0\u00bb et [&hellip;]\" \/>\n<meta property=\"og:url\" content=\"https:\/\/misqa.com\/fr\/quatuors\/arete\/\" \/>\n<meta property=\"og:site_name\" content=\"MISQA - McGill International String Quartet Academy\" \/>\n<meta property=\"article:modified_time\" content=\"2023-04-25T10:51:30+00:00\" \/>\n<meta property=\"og:image\" content=\"https:\/\/misqa.com\/wp-content\/uploads\/2023\/04\/arete.jpg\" \/>\n\t<meta property=\"og:image:width\" content=\"2000\" \/>\n\t<meta property=\"og:image:height\" content=\"890\" \/>\n\t<meta property=\"og:image:type\" content=\"image\/jpeg\" \/>\n<meta name=\"twitter:card\" content=\"summary_large_image\" \/>\n<meta name=\"twitter:label1\" content=\"Dur\u00e9e de lecture estim\u00e9e\" \/>\n\t<meta name=\"twitter:data1\" content=\"1 minute\" \/>\n<script type=\"application\/ld+json\" class=\"yoast-schema-graph\">{\"@context\":\"https:\\\/\\\/schema.org\",\"@graph\":[{\"@type\":\"WebPage\",\"@id\":\"https:\\\/\\\/misqa.com\\\/fr\\\/quatuors\\\/arete\\\/\",\"url\":\"https:\\\/\\\/misqa.com\\\/fr\\\/quatuors\\\/arete\\\/\",\"name\":\"Arete - MISQA - McGill International String Quartet Academy\",\"isPartOf\":{\"@id\":\"https:\\\/\\\/misqa.com\\\/#website\"},\"primaryImageOfPage\":{\"@id\":\"https:\\\/\\\/misqa.com\\\/fr\\\/quatuors\\\/arete\\\/#primaryimage\"},\"image\":{\"@id\":\"https:\\\/\\\/misqa.com\\\/fr\\\/quatuors\\\/arete\\\/#primaryimage\"},\"thumbnailUrl\":\"https:\\\/\\\/misqa.com\\\/wp-content\\\/uploads\\\/2023\\\/04\\\/arete-1.jpg\",\"datePublished\":\"2023-04-24T21:15:17+00:00\",\"dateModified\":\"2023-04-25T10:51:30+00:00\",\"breadcrumb\":{\"@id\":\"https:\\\/\\\/misqa.com\\\/fr\\\/quatuors\\\/arete\\\/#breadcrumb\"},\"inLanguage\":\"fr-FR\",\"potentialAction\":[{\"@type\":\"ReadAction\",\"target\":[\"https:\\\/\\\/misqa.com\\\/fr\\\/quatuors\\\/arete\\\/\"]}]},{\"@type\":\"ImageObject\",\"inLanguage\":\"fr-FR\",\"@id\":\"https:\\\/\\\/misqa.com\\\/fr\\\/quatuors\\\/arete\\\/#primaryimage\",\"url\":\"https:\\\/\\\/misqa.com\\\/wp-content\\\/uploads\\\/2023\\\/04\\\/arete-1.jpg\",\"contentUrl\":\"https:\\\/\\\/misqa.com\\\/wp-content\\\/uploads\\\/2023\\\/04\\\/arete-1.jpg\",\"width\":1800,\"height\":1151},{\"@type\":\"BreadcrumbList\",\"@id\":\"https:\\\/\\\/misqa.com\\\/fr\\\/quatuors\\\/arete\\\/#breadcrumb\",\"itemListElement\":[{\"@type\":\"ListItem\",\"position\":1,\"name\":\"Home\",\"item\":\"https:\\\/\\\/misqa.com\\\/\"},{\"@type\":\"ListItem\",\"position\":2,\"name\":\"Arete\"}]},{\"@type\":\"WebSite\",\"@id\":\"https:\\\/\\\/misqa.com\\\/#website\",\"url\":\"https:\\\/\\\/misqa.com\\\/\",\"name\":\"MISQA - McGill International String Quartet Academy\",\"description\":\"Acad\u00e9mie de quatuors \u00e0 cordes au Canada\",\"publisher\":{\"@id\":\"https:\\\/\\\/misqa.com\\\/#organization\"},\"potentialAction\":[{\"@type\":\"SearchAction\",\"target\":{\"@type\":\"EntryPoint\",\"urlTemplate\":\"https:\\\/\\\/misqa.com\\\/?s={search_term_string}\"},\"query-input\":{\"@type\":\"PropertyValueSpecification\",\"valueRequired\":true,\"valueName\":\"search_term_string\"}}],\"inLanguage\":\"fr-FR\"},{\"@type\":\"Organization\",\"@id\":\"https:\\\/\\\/misqa.com\\\/#organization\",\"name\":\"MISQA - McGill International String Quartet Academy\",\"url\":\"https:\\\/\\\/misqa.com\\\/\",\"logo\":{\"@type\":\"ImageObject\",\"inLanguage\":\"fr-FR\",\"@id\":\"https:\\\/\\\/misqa.com\\\/#\\\/schema\\\/logo\\\/image\\\/\",\"url\":\"https:\\\/\\\/misqa.com\\\/wp-content\\\/uploads\\\/2022\\\/04\\\/misqa_logo_15.svg\",\"contentUrl\":\"https:\\\/\\\/misqa.com\\\/wp-content\\\/uploads\\\/2022\\\/04\\\/misqa_logo_15.svg\",\"caption\":\"MISQA - McGill International String Quartet Academy\"},\"image\":{\"@id\":\"https:\\\/\\\/misqa.com\\\/#\\\/schema\\\/logo\\\/image\\\/\"}}]}<\/script>\n<!-- \/ Yoast SEO plugin. -->","yoast_head_json":{"title":"Arete - MISQA - McGill International String Quartet Academy","robots":{"index":"index","follow":"follow","max-snippet":"max-snippet:-1","max-image-preview":"max-image-preview:large","max-video-preview":"max-video-preview:-1"},"canonical":"https:\/\/misqa.com\/fr\/quatuors\/arete\/","og_locale":"fr_FR","og_type":"article","og_title":"Arete - MISQA - McGill International String Quartet Academy","og_description":"Fond\u00e9 en septembre 2019, le Quatuor Arete a remport\u00e9 \u00e0 l&rsquo;unanimit\u00e9 l&rsquo;audition du \u00ab\u00a0Kumho Art Hall Young Chamber Concert\u00a0\u00bb et [&hellip;]","og_url":"https:\/\/misqa.com\/fr\/quatuors\/arete\/","og_site_name":"MISQA - McGill International String Quartet Academy","article_modified_time":"2023-04-25T10:51:30+00:00","og_image":[{"width":2000,"height":890,"url":"https:\/\/misqa.com\/wp-content\/uploads\/2023\/04\/arete.jpg","type":"image\/jpeg"}],"twitter_card":"summary_large_image","twitter_misc":{"Dur\u00e9e de lecture estim\u00e9e":"1 minute"},"schema":{"@context":"https:\/\/schema.org","@graph":[{"@type":"WebPage","@id":"https:\/\/misqa.com\/fr\/quatuors\/arete\/","url":"https:\/\/misqa.com\/fr\/quatuors\/arete\/","name":"Arete - MISQA - McGill International String Quartet Academy","isPartOf":{"@id":"https:\/\/misqa.com\/#website"},"primaryImageOfPage":{"@id":"https:\/\/misqa.com\/fr\/quatuors\/arete\/#primaryimage"},"image":{"@id":"https:\/\/misqa.com\/fr\/quatuors\/arete\/#primaryimage"},"thumbnailUrl":"https:\/\/misqa.com\/wp-content\/uploads\/2023\/04\/arete-1.jpg","datePublished":"2023-04-24T21:15:17+00:00","dateModified":"2023-04-25T10:51:30+00:00","breadcrumb":{"@id":"https:\/\/misqa.com\/fr\/quatuors\/arete\/#breadcrumb"},"inLanguage":"fr-FR","potentialAction":[{"@type":"ReadAction","target":["https:\/\/misqa.com\/fr\/quatuors\/arete\/"]}]},{"@type":"ImageObject","inLanguage":"fr-FR","@id":"https:\/\/misqa.com\/fr\/quatuors\/arete\/#primaryimage","url":"https:\/\/misqa.com\/wp-content\/uploads\/2023\/04\/arete-1.jpg","contentUrl":"https:\/\/misqa.com\/wp-content\/uploads\/2023\/04\/arete-1.jpg","width":1800,"height":1151},{"@type":"BreadcrumbList","@id":"https:\/\/misqa.com\/fr\/quatuors\/arete\/#breadcrumb","itemListElement":[{"@type":"ListItem","position":1,"name":"Home","item":"https:\/\/misqa.com\/"},{"@type":"ListItem","position":2,"name":"Arete"}]},{"@type":"WebSite","@id":"https:\/\/misqa.com\/#website","url":"https:\/\/misqa.com\/","name":"MISQA - McGill International String Quartet Academy","description":"Acad\u00e9mie de quatuors \u00e0 cordes au Canada","publisher":{"@id":"https:\/\/misqa.com\/#organization"},"potentialAction":[{"@type":"SearchAction","target":{"@type":"EntryPoint","urlTemplate":"https:\/\/misqa.com\/?s={search_term_string}"},"query-input":{"@type":"PropertyValueSpecification","valueRequired":true,"valueName":"search_term_string"}}],"inLanguage":"fr-FR"},{"@type":"Organization","@id":"https:\/\/misqa.com\/#organization","name":"MISQA - McGill International String Quartet Academy","url":"https:\/\/misqa.com\/","logo":{"@type":"ImageObject","inLanguage":"fr-FR","@id":"https:\/\/misqa.com\/#\/schema\/logo\/image\/","url":"https:\/\/misqa.com\/wp-content\/uploads\/2022\/04\/misqa_logo_15.svg","contentUrl":"https:\/\/misqa.com\/wp-content\/uploads\/2022\/04\/misqa_logo_15.svg","caption":"MISQA - McGill International String Quartet Academy"},"image":{"@id":"https:\/\/misqa.com\/#\/schema\/logo\/image\/"}}]}},"_links":{"self":[{"href":"https:\/\/misqa.com\/fr\/wp-json\/wp\/v2\/quatuors\/4646","targetHints":{"allow":["GET"]}}],"collection":[{"href":"https:\/\/misqa.com\/fr\/wp-json\/wp\/v2\/quatuors"}],"about":[{"href":"https:\/\/misqa.com\/fr\/wp-json\/wp\/v2\/types\/quatuors"}],"wp:featuredmedia":[{"embeddable":true,"href":"https:\/\/misqa.com\/fr\/wp-json\/wp\/v2\/media\/4788"}],"wp:attachment":[{"href":"https:\/\/misqa.com\/fr\/wp-json\/wp\/v2\/media?parent=4646"}],"wp:term":[{"taxonomy":"annee","embeddable":true,"href":"https:\/\/misqa.com\/fr\/wp-json\/wp\/v2\/annee?post=4646"},{"taxonomy":"experience","embeddable":true,"href":"https:\/\/misqa.com\/fr\/wp-json\/wp\/v2\/experience?post=4646"}],"curies":[{"name":"wp","href":"https:\/\/api.w.org\/{rel}","templated":true}]}}